{"id":154,"date":"2014-02-22T13:25:46","date_gmt":"2014-02-22T11:25:46","guid":{"rendered":"http:\/\/fabijennas-seeleninsel.de\/wordpress2\/?page_id=154"},"modified":"2015-12-16T19:09:12","modified_gmt":"2015-12-16T17:09:12","slug":"seelenanteil-rueckholung-2","status":"publish","type":"page","link":"https:\/\/fabijennas-seeleninsel.de\/wordpress\/seelenanteil-rueckholung-2\/","title":{"rendered":"Seelenanteil R\u00fcckholung"},"content":{"rendered":"<p><a href=\"http:\/\/fabijennas-seeleninsel.de\/wordpress\/wp-content\/uploads\/2014\/02\/SeelenanteilR\u00fcckholung.png\"><img loading=\"lazy\" class=\"alignright size-medium wp-image-291\" src=\"http:\/\/fabijennas-seeleninsel.de\/wordpress\/wp-content\/uploads\/2014\/02\/SeelenanteilR\u00fcckholung-300x225.png\" alt=\"SeelenanteilR\u00fcckholung\" width=\"300\" height=\"225\" \/><\/a>Die Seele ist eine Essenz, die sich in Worten kaum beschreiben l\u00e4sst. Sie f\u00fcllt uns aus und wir sind in Verbindung mit unserem K\u00f6rper einmalige Wesen.<br \/>\nEin Mensch erlebt ein Trauma oder Shock. In dieser Situation flieht ein Seelenanteil (ein Teil der Seelenkraft) in die spirituelle Anderswelt, um die Qual zu &#8222;\u00fcberleben&#8220; oder weil er das Erlebte nicht verkraften und nicht (<span class=\"textexposedshow\">er-)tragen kann.<\/span><\/p>\n<p><span class=\"textexposedshow\">Die Seelenabspaltung ist wie auch das Verdr\u00e4ngen von Erinnerungen (Ged\u00e4chtnisverlust) ein Schutzsystem, damit wir \u00fcberleben k\u00f6nnen.<\/span><\/p>\n<p><span class=\"textexposedshow\">Dieser Seelenanteil fehlt dann im Gesamt-Seelenbild.<\/span><\/p>\n<p><span class=\"textexposedshow\">Eigenschaften wie Lebensfreude und Urvertrauen &#8211; sehnen sich nach R\u00fcckkehr ins Leben und harren auf den freudigen Tag, an dem dieser Seelenanteil endlich zur\u00fcckgeholt wird.<\/span><\/p>\n<p><span class=\"textexposedshow\">Die schamanische Heilarbeit bewegt sich seit ihrer Entstehung auf der Seelen-, Geist- und K\u00f6rperebene zeitgleich. Die Seelenanteil &#8211; Heilung erfolgt mittels einer schamanischen Reise. Der Schamane kontaktiert in der Nicht-Allt\u00e4glichen-Wirklic<wbr \/>hkeit die Geisthelfer, Krafttiere und Lehrer.<\/span><\/p>\n<p><span class=\"textexposedshow\">Die Manifestation der wiederhergestellten Balance erstreckt sich meist im Anschluss \u00fcber mehrere Tage \/ Wochen \/ Monate, je nach Person und Potenziale.<\/span><\/p>\n<p>&nbsp;<\/p>\n<p><a href=\"http:\/\/fabijennas-seeleninsel.de\/wordpress\/wp-content\/uploads\/2014\/02\/1396057_1100827076598074_1701660428847317782_n.jpg\"><img loading=\"lazy\" class=\"alignnone size-medium wp-image-1847\" src=\"http:\/\/fabijennas-seeleninsel.de\/wordpress\/wp-content\/uploads\/2014\/02\/1396057_1100827076598074_1701660428847317782_n-480x480.jpg\" alt=\"1396057_1100827076598074_1701660428847317782_n\" width=\"480\" height=\"480\" data-wp-pid=\"1847\" srcset=\"https:\/\/fabijennas-seeleninsel.de\/wordpress\/wp-content\/uploads\/2014\/02\/1396057_1100827076598074_1701660428847317782_n-480x480.jpg 480w, https:\/\/fabijennas-seeleninsel.de\/wordpress\/wp-content\/uploads\/2014\/02\/1396057_1100827076598074_1701660428847317782_n-300x300.jpg 300w, https:\/\/fabijennas-seeleninsel.de\/wordpress\/wp-content\/uploads\/2014\/02\/1396057_1100827076598074_1701660428847317782_n-240x240.jpg 240w, https:\/\/fabijennas-seeleninsel.de\/wordpress\/wp-content\/uploads\/2014\/02\/1396057_1100827076598074_1701660428847317782_n-96x96.jpg 96w, https:\/\/fabijennas-seeleninsel.de\/wordpress\/wp-content\/uploads\/2014\/02\/1396057_1100827076598074_1701660428847317782_n-121x121.jpg 121w, https:\/\/fabijennas-seeleninsel.de\/wordpress\/wp-content\/uploads\/2014\/02\/1396057_1100827076598074_1701660428847317782_n-60x60.jpg 60w, https:\/\/fabijennas-seeleninsel.de\/wordpress\/wp-content\/uploads\/2014\/02\/1396057_1100827076598074_1701660428847317782_n-184x184.jpg 184w, https:\/\/fabijennas-seeleninsel.de\/wordpress\/wp-content\/uploads\/2014\/02\/1396057_1100827076598074_1701660428847317782_n-800x800.jpg 800w, https:\/\/fabijennas-seeleninsel.de\/wordpress\/wp-content\/uploads\/2014\/02\/1396057_1100827076598074_1701660428847317782_n.jpg 960w\" sizes=\"(max-width: 480px) 100vw, 480px\" \/><\/a><\/p>\n<p>&nbsp;<\/p>\n<p><a href=\"http:\/\/fabijennas-seeleninsel.de\/wordpress\/wp-content\/uploads\/2014\/02\/10473616_893298224017628_4404569579701884244_n.jpg\"><img loading=\"lazy\" class=\"alignnone size-medium wp-image-1849\" src=\"http:\/\/fabijennas-seeleninsel.de\/wordpress\/wp-content\/uploads\/2014\/02\/10473616_893298224017628_4404569579701884244_n-640x480.jpg\" alt=\"10473616_893298224017628_4404569579701884244_n\" width=\"640\" height=\"480\" data-wp-pid=\"1849\" srcset=\"https:\/\/fabijennas-seeleninsel.de\/wordpress\/wp-content\/uploads\/2014\/02\/10473616_893298224017628_4404569579701884244_n-640x480.jpg 640w, https:\/\/fabijennas-seeleninsel.de\/wordpress\/wp-content\/uploads\/2014\/02\/10473616_893298224017628_4404569579701884244_n-800x600.jpg 800w, https:\/\/fabijennas-seeleninsel.de\/wordpress\/wp-content\/uploads\/2014\/02\/10473616_893298224017628_4404569579701884244_n.jpg 960w\" sizes=\"(max-width: 640px) 100vw, 640px\" \/><\/a><\/p>\n","protected":false},"excerpt":{"rendered":"<p>Die Seele ist eine Essenz, die sich in Worten kaum beschreiben l\u00e4sst. Sie f\u00fcllt uns aus und wir sind in Verbindung mit unserem K\u00f6rper einmalige Wesen. Ein Mensch erlebt ein Trauma oder Shock. In dieser Situation flieht ein Seelenanteil (ein Teil der Seelenkraft) in die spirituelle Anderswelt, um die Qual zu &#8222;\u00fcberleben&#8220; oder weil er [&hellip;]<\/p>\n","protected":false},"author":3,"featured_media":1158,"parent":0,"menu_order":0,"comment_status":"closed","ping_status":"open","template":"","meta":{"_et_pb_use_builder":"","_et_pb_old_content":"","_et_gb_content_width":""},"_links":{"self":[{"href":"https:\/\/fabijennas-seeleninsel.de\/wordpress\/wp-json\/wp\/v2\/pages\/154"}],"collection":[{"href":"https:\/\/fabijennas-seeleninsel.de\/wordpress\/wp-json\/wp\/v2\/pages"}],"about":[{"href":"https:\/\/fabijennas-seeleninsel.de\/wordpress\/wp-json\/wp\/v2\/types\/page"}],"author":[{"embeddable":true,"href":"https:\/\/fabijennas-seeleninsel.de\/wordpress\/wp-json\/wp\/v2\/users\/3"}],"replies":[{"embeddable":true,"href":"https:\/\/fabijennas-seeleninsel.de\/wordpress\/wp-json\/wp\/v2\/comments?post=154"}],"version-history":[{"count":6,"href":"https:\/\/fabijennas-seeleninsel.de\/wordpress\/wp-json\/wp\/v2\/pages\/154\/revisions"}],"predecessor-version":[{"id":1850,"href":"https:\/\/fabijennas-seeleninsel.de\/wordpress\/wp-json\/wp\/v2\/pages\/154\/revisions\/1850"}],"wp:featuredmedia":[{"embeddable":true,"href":"https:\/\/fabijennas-seeleninsel.de\/wordpress\/wp-json\/wp\/v2\/media\/1158"}],"wp:attachment":[{"href":"https:\/\/fabijennas-seeleninsel.de\/wordpress\/wp-json\/wp\/v2\/media?parent=154"}],"curies":[{"name":"wp","href":"https:\/\/api.w.org\/{rel}","templated":true}]}}